{"id":61487,"date":"2026-03-16T20:17:56","date_gmt":"2026-03-16T18:17:56","guid":{"rendered":"https:\/\/noble-society.net\/?post_type=product&#038;p=61487"},"modified":"2026-04-08T14:51:48","modified_gmt":"2026-04-08T11:51:48","slug":"graf-von-falkenstein","status":"publish","type":"product","link":"https:\/\/noble-society.net\/es\/buy-nobility-titles\/graf-von-falkenstein\/","title":{"rendered":"Conde de Falkenstein"},"content":{"rendered":"<section class=\"l-section wpb_row height_small\"><div class=\"l-section-h i-cf\"><div class=\"g-cols vc_row via_grid cols_1 laptops-cols_inherit tablets-cols_inherit mobiles-cols_1 valign_top type_default stacking_default\"><div class=\"wpb_column vc_column_container\"><div class=\"vc_column-inner\"><div class=\"wpb_text_column\"><div class=\"wpb_wrapper\"><div id=\"model-response-message-contentr_0e887cff68306677\" class=\"markdown markdown-main-panel stronger enable-updated-hr-color\" dir=\"ltr\" aria-live=\"polite\" aria-busy=\"false\">\n<h2 data-path-to-node=\"0\">La historia del castillo de Falkenstein y la casa de Falkenstein-M\u00fcnzenberg<\/h2>\n<p data-path-to-node=\"1\"><b data-path-to-node=\"1\" data-index-in-node=\"0\">Castillo de Falkenstein en el monte Donnersberg<\/b> en el Palatinado, uno de los sitios de fortificaci\u00f3n m\u00e1s altos de la regi\u00f3n, fue completado por <b data-path-to-node=\"1\" data-index-in-node=\"130\">1135<\/b>. Su importancia estrat\u00e9gica se convirti\u00f3 finalmente en su perdici\u00f3n durante la Guerra de los Treinta A\u00f1os: <b data-path-to-node=\"1\" data-index-in-node=\"227\">1647<\/b>, las tropas francesas bajo el mando del general Turenne asediaron y capturaron la fortaleza, demoliendo posteriormente las murallas exteriores con explosivos. Para cuando <b data-path-to-node=\"1\" data-index-in-node=\"375\">1794<\/b> lleg\u00f3 y el caos de la Revoluci\u00f3n Francesa barri\u00f3 el Palatinado, el linaje original de los se\u00f1ores de Falkenstein ya se hab\u00eda extinguido hac\u00eda siglos. Las ruinas pasaron por varias manos prestigiosas \u2014incluidos los duques de Lorena e incluso la Casa de Habsburgo\u2014 antes de ser adquiridas por el municipio de Falkenstein. Desde <b data-path-to-node=\"1\" data-index-in-node=\"717\">1979<\/b>, el sitio ha sido objeto de reconstrucci\u00f3n y conservaci\u00f3n parcial para salvaguardar su patrimonio cultural.<\/p>\n<p data-path-to-node=\"2\">La documentaci\u00f3n hist\u00f3rica comienza en <b data-path-to-node=\"2\" data-index-in-node=\"35\">1135<\/b>, cuando un cierto <b data-path-to-node=\"2\" data-index-in-node=\"56\">Siegebold de Falkenstein<\/b> fue mencionado por primera vez como el se\u00f1or del castillo. Los siguientes 40 a\u00f1os permanecen envueltos en la oscuridad hist\u00f3rica, un per\u00edodo de incertidumbre que solo termin\u00f3 despu\u00e9s de <b data-path-to-node=\"2\" data-index-in-node=\"237\">1170<\/b> cuando el influyente <b data-path-to-node=\"2\" data-index-in-node=\"263\">Bolanden<\/b> la familia apareci\u00f3 en los anales como los nuevos se\u00f1ores. Un punto de inflexi\u00f3n decisivo se produjo en <b data-path-to-node=\"2\" data-index-in-node=\"357\">1233<\/b>: <b data-path-to-node=\"2\" data-index-in-node=\"363\">Felipe IV de Bolanden<\/b> comenz\u00f3 oficialmente a hacerse llamar <b data-path-to-node=\"2\" data-index-in-node=\"422\">Felipe I de Falkenstein<\/b>, fundando as\u00ed la nueva Casa de Falkenstein. Bajo sus hijos, Philipp II y Werner, el linaje se dividi\u00f3 en <b data-path-to-node=\"2\" data-index-in-node=\"561\">Falkenstein-Butzbach<\/b> y <b data-path-to-node=\"2\" data-index-in-node=\"586\">Falkenstein-Lich<\/b> ramas.<\/p>\n<p data-path-to-node=\"3\">Sin embargo, el poder de la Casa de Falkenstein no se limitaba de ninguna manera al Palatinado. Tras la extinci\u00f3n del emparentado <b data-path-to-node=\"3\" data-index-in-node=\"130\">Hagen-M\u00fcnzenberg<\/b> familia noble en 1255, conocida como la \u201cHerencia de M\u00fcnzenberg\u201d, los Falkenstein adquirieron vastos territorios en el Wetterau y la regi\u00f3n de Rin-Meno. Ascendieron hasta convertirse en una de las familias m\u00e1s poderosas de Hesse, tomando el control de \u00e1reas como Offenbach y construyendo <b data-path-to-node=\"3\" data-index-in-node=\"416\">Castillo de Neufalkenstein<\/b> en las monta\u00f1as Taunus como un formidable s\u00edmbolo de su creciente influencia.<\/p>\n<p data-path-to-node=\"4\">La rama de Butzbach produjo una de las figuras m\u00e1s prominentes de la Edad Media: <b data-path-to-node=\"4\" data-index-in-node=\"83\">Cuno II de Falkenstein<\/b>. Como el <b data-path-to-node=\"4\" data-index-in-node=\"114\">Pr\u00edncipe-elector y arzobispo de Tr\u00e9veris (1362-1388)<\/b>, ocup\u00f3 uno de los siete cargos m\u00e1s altos del Sacro Imperio Romano Germ\u00e1nico, actuando como rey y consejero cercano del emperador Carlos IV. A su muerte, le sucedi\u00f3 en este poderoso cargo su sobrino nieto, <b data-path-to-node=\"4\" data-index-in-node=\"374\">Werner III de Falkenstein<\/b>, de la l\u00ednea de los Lich. Werner III fue un esp\u00edritu controvertido y combativo; como se\u00f1or de Offenbach, se enfrent\u00f3 frecuentemente con la Ciudad Imperial Libre de <b data-path-to-node=\"4\" data-index-in-node=\"553\">Fr\u00e1ncfort<\/b>, deteniendo a sus mercaderes y provocando sangrientas disputas. Con su muerte en 1418, la l\u00ednea masculina de la Casa de Falkenstein se extingui\u00f3.<\/p>\n<p data-path-to-node=\"5\">La herencia masiva se dividi\u00f3 entre los Se\u00f1ores de <b data-path-to-node=\"5\" data-index-in-node=\"57\">Eppstein<\/b> y los Condes de <b data-path-to-node=\"5\" data-index-in-node=\"84\">Solms<\/b>. Mientras que la l\u00ednea Eppstein tambi\u00e9n se extingui\u00f3 en el siglo XVI, la Casa de Solms sobrevive hasta nuestros d\u00edas. La \u00faltima superviviente de los Falkenstein es recordada como <b data-path-to-node=\"5\" data-index-in-node=\"257\">Ana de Falkenstein<\/b>, la hermana de Werner. Mostr\u00f3 un lado caritativo al fundar un hospital en <b data-path-to-node=\"5\" data-index-in-node=\"353\">Dreieichenhain<\/b>, que m\u00e1s tarde se traslad\u00f3 a Offenbach. Sin embargo, cuenta la leyenda que las cargas de su fundaci\u00f3n y el destino de su familia pesaron tanto sobre ella que no encontr\u00f3 paz en la tumba; hasta mediados del siglo XIX, se dec\u00eda que rondaba los muros de sus antiguas propiedades como una \u201cDama Blanca\u201d.\u201d<\/p>\n<\/div>\n<\/div><\/div><\/div><\/div><\/div><\/div><\/section>","protected":false},"excerpt":{"rendered":"<div id=\"model-response-message-contentr_16a3e6c9076d2078\" class=\"markdown markdown-main-panel stronger enable-updated-hr-color\" dir=\"ltr\" aria-live=\"polite\" aria-busy=\"false\">\n<div id=\"model-response-message-contentr_294d20bfeaf5d0df\" class=\"markdown markdown-main-panel stronger enable-updated-hr-color\" dir=\"ltr\" aria-live=\"polite\" aria-busy=\"false\">\n<p data-path-to-node=\"0\">Desde su ascenso en el siglo XII hasta la extinci\u00f3n del linaje en 1418, los Falkenstein dieron forma al suroeste de Alemania. Como poderosos Pr\u00edncipes-Electores y constructores estrat\u00e9gicos (Falkenstein, Neufalkenstein), dominaron la regi\u00f3n del Rin-Meno. Tras feroces disputas con Frankfurt, su legado pas\u00f3 a las casas de Solms y Eppstein, mientras que la \u00faltima dama Falkenstein se convirti\u00f3 en leyenda como un fantasma errante.<\/p>\n<\/div>\n<\/div>","protected":false},"featured_media":55584,"template":"","meta":{"_acf_changed":false,"yasr_overall_rating":0,"yasr_post_is_review":"","yasr_auto_insert_disabled":"","yasr_review_type":"","slim_seo":{"title":"Count of Falkenstein - Buy Noble Titles Since 1999","description":"Desde su ascenso en el siglo XII hasta la extinci\u00f3n del linaje en 1418, los Falkenstein moldearon el suroeste de Alemania. Como poderosos pr\u00edncipes electores y constructores estrat\u00e9gicos"}},"product_brand":[],"product_cat":[26],"product_tag":[36,37,35,34],"class_list":{"0":"post-61487","1":"product","2":"type-product","3":"status-publish","4":"has-post-thumbnail","6":"product_cat-german-noble-titles","7":"product_tag-adelstitel","8":"product_tag-deutsche","9":"product_tag-falkenstein","10":"product_tag-graf","12":"first","13":"instock","14":"taxable","15":"shipping-taxable","16":"purchasable","17":"product-type-variable","18":"has-default-attributes"},"acf":[],"yasr_visitor_votes":{"stars_attributes":{"read_only":false,"span_bottom":false},"number_of_votes":0,"sum_votes":0},"_links":{"self":[{"href":"https:\/\/noble-society.net\/es\/wp-json\/wp\/v2\/product\/61487","targetHints":{"allow":["GET"]}}],"collection":[{"href":"https:\/\/noble-society.net\/es\/wp-json\/wp\/v2\/product"}],"about":[{"href":"https:\/\/noble-society.net\/es\/wp-json\/wp\/v2\/types\/product"}],"wp:featuredmedia":[{"embeddable":true,"href":"https:\/\/noble-society.net\/es\/wp-json\/wp\/v2\/media\/55584"}],"wp:attachment":[{"href":"https:\/\/noble-society.net\/es\/wp-json\/wp\/v2\/media?parent=61487"}],"wp:term":[{"taxonomy":"product_brand","embeddable":true,"href":"https:\/\/noble-society.net\/es\/wp-json\/wp\/v2\/product_brand?post=61487"},{"taxonomy":"product_cat","embeddable":true,"href":"https:\/\/noble-society.net\/es\/wp-json\/wp\/v2\/product_cat?post=61487"},{"taxonomy":"product_tag","embeddable":true,"href":"https:\/\/noble-society.net\/es\/wp-json\/wp\/v2\/product_tag?post=61487"}],"curies":[{"name":"wp","href":"https:\/\/api.w.org\/{rel}","templated":true}]}}