{"id":61487,"date":"2026-03-16T20:17:56","date_gmt":"2026-03-16T18:17:56","guid":{"rendered":"https:\/\/noble-society.net\/?post_type=product&#038;p=61487"},"modified":"2026-04-08T14:51:48","modified_gmt":"2026-04-08T11:51:48","slug":"graf-von-falkenstein","status":"publish","type":"product","link":"https:\/\/noble-society.net\/fr\/buy-nobility-titles\/graf-von-falkenstein\/","title":{"rendered":"Comte de Falkenstein"},"content":{"rendered":"<section class=\"l-section wpb_row height_small\"><div class=\"l-section-h i-cf\"><div class=\"g-cols vc_row via_grid cols_1 laptops-cols_inherit tablets-cols_inherit mobiles-cols_1 valign_top type_default stacking_default\"><div class=\"wpb_column vc_column_container\"><div class=\"vc_column-inner\"><div class=\"wpb_text_column\"><div class=\"wpb_wrapper\"><div id=\"model-response-message-contentr_0e887cff68306677\" class=\"markdown markdown-main-panel stronger enable-updated-hr-color\" dir=\"ltr\" aria-live=\"polite\" aria-busy=\"false\">\n<h2 data-path-to-node=\"0\">L'histoire du ch\u00e2teau de Falkenstein et de la maison de Falkenstein-M\u00fcnzenberg<\/h2>\n<p data-path-to-node=\"1\"><b data-path-to-node=\"1\" data-index-in-node=\"0\">Ch\u00e2teau de Falkenstein sur le mont Donnersberg<\/b> dans le Palatinat, l'un des sites de fortification les plus \u00e9lev\u00e9s de la r\u00e9gion, fut achev\u00e9 par <b data-path-to-node=\"1\" data-index-in-node=\"130\">1135<\/b>. Sa signification strat\u00e9gique finit par causer sa perte pendant la guerre de trente ans : en <b data-path-to-node=\"1\" data-index-in-node=\"227\">1647<\/b>, les troupes fran\u00e7aises sous le g\u00e9n\u00e9ral Turenne assi\u00e9g\u00e8rent et captur\u00e8rent la forteresse, d\u00e9molissant par la suite les remparts ext\u00e9rieurs \u00e0 l'explosif. Au moment o\u00f9 <b data-path-to-node=\"1\" data-index-in-node=\"375\">1794<\/b> est arriv\u00e9e et que le chaos de la R\u00e9volution fran\u00e7aise a balay\u00e9 le Palatinat, la lign\u00e9e originelle des seigneurs de Falkenstein \u00e9tait d\u00e9j\u00e0 \u00e9teinte depuis des si\u00e8cles. Les ruines sont pass\u00e9es entre diverses mains prestigieuses \u2014 y compris les ducs de Lorraine et m\u00eame la maison des Habsbourg \u2014 avant d'\u00eatre acquises par la municipalit\u00e9 de Falkenstein. Depuis <b data-path-to-node=\"1\" data-index-in-node=\"717\">1979<\/b>, le site a fait l'objet d'une reconstruction et d'une pr\u00e9servation partielles afin de sauvegarder son patrimoine culturel.<\/p>\n<p data-path-to-node=\"2\">La documentation historique commence en <b data-path-to-node=\"2\" data-index-in-node=\"35\">1135<\/b>, quand un certain <b data-path-to-node=\"2\" data-index-in-node=\"56\">Siegebold de Falkenstein<\/b> a d'abord \u00e9t\u00e9 mentionn\u00e9 comme seigneur du ch\u00e2teau. Les 40 ann\u00e9es suivantes restent envelopp\u00e9es dans les t\u00e9n\u00e8bres de l'histoire, une p\u00e9riode d'incertitude qui n'a pris fin qu'apr\u00e8s <b data-path-to-node=\"2\" data-index-in-node=\"237\">1170<\/b> quand l'influent <b data-path-to-node=\"2\" data-index-in-node=\"263\">Bolanden<\/b> la famille apparut dans les annales en tant que nouveaux seigneurs. Un tournant d\u00e9cisif s'est produit dans <b data-path-to-node=\"2\" data-index-in-node=\"357\">1233<\/b>: <b data-path-to-node=\"2\" data-index-in-node=\"363\">Philippe IV de Bolanden<\/b> s'est officiellement fait appeler <b data-path-to-node=\"2\" data-index-in-node=\"422\">Philippe Ier de Falkenstein<\/b>, fondant ainsi la nouvelle Maison de Falkenstein. Sous ses fils, Philippe II et Werner, la lign\u00e9e se scinda en <b data-path-to-node=\"2\" data-index-in-node=\"561\">Falkenstein-Butzbach<\/b> et <b data-path-to-node=\"2\" data-index-in-node=\"586\">Falkenstein-Lich<\/b> branches.<\/p>\n<p data-path-to-node=\"3\">Cependant, la puissance de la Maison de Falkenstein ne se limitait nullement au Palatinat. Suite \u00e0 l'extinction du parent apparent <b data-path-to-node=\"3\" data-index-in-node=\"130\">Hagen-M\u00fcnzenberg<\/b> famille noble en 1255 \u2014 connue sous le nom d\u201c\u201d H\u00e9ritage de M\u00fcnzenberg \u00bb \u2014 les Falkenstein acquirent de vastes territoires en Wetterau et dans la r\u00e9gion du Rhin-Mein. Ils s'\u00e9lev\u00e8rent pour devenir l'une des familles les plus puissantes de Hesse, prenant le contr\u00f4le de r\u00e9gions telles qu'Offenbach et construisant <b data-path-to-node=\"3\" data-index-in-node=\"416\">Ch\u00e2teau de Neufalkenstein<\/b> dans les montagnes du Taunus comme un symbole formidable de leur influence croissante.<\/p>\n<p data-path-to-node=\"4\">La branche de Butzbach a produit l'une des figures les plus marquantes du Moyen \u00c2ge : <b data-path-to-node=\"4\" data-index-in-node=\"83\">Kuno II de Falkenstein<\/b>. En tant que <b data-path-to-node=\"4\" data-index-in-node=\"114\">Prince-\u00c9lecteur et Archev\u00eaque de Tr\u00e8ves (1362\u20131388)<\/b>, il d\u00e9tenait l'un des sept plus hauts offices du Saint-Empire romain germanique, agissant comme un faiseur de roi et un conseiller proche de l'empereur Charles IV. \u00c0 sa mort, il fut remplac\u00e9 dans ce puissant office par son petit-neveu, <b data-path-to-node=\"4\" data-index-in-node=\"374\">Werner III de Falkenstein<\/b>, de la lign\u00e9e des Lich. Werner III \u00e9tait un esprit controvers\u00e9 et combatif ; en tant que seigneur d'Offenbach, il s'est souvent heurt\u00e9 \u00e0 la ville imp\u00e9riale libre de <b data-path-to-node=\"4\" data-index-in-node=\"553\">Francfort<\/b>, arr\u00eatant leurs marchands et provoquant des querelles sanglantes. \u00c0 sa mort en 1418, la lign\u00e9e masculine de la maison de Falkenstein s'\u00e9teignit.<\/p>\n<p data-path-to-node=\"5\">L'h\u00e9ritage colossal fut divis\u00e9 entre les seigneurs de <b data-path-to-node=\"5\" data-index-in-node=\"57\">Eppstein<\/b> et les Comtes de <b data-path-to-node=\"5\" data-index-in-node=\"84\">Solms<\/b>. Alors que la lign\u00e9e des Eppstein s'est \u00e9galement \u00e9teinte au XVIe si\u00e8cle, la Maison de Solms survit \u00e0 ce jour. La derni\u00e8re survivante des Falkenstein est retenue comme <b data-path-to-node=\"5\" data-index-in-node=\"257\">Anne de Falkenstein<\/b>, la s\u0153ur de Werner. Elle a montr\u00e9 un c\u00f4t\u00e9 charitable en fondant un h\u00f4pital \u00e0 <b data-path-to-node=\"5\" data-index-in-node=\"353\">Dreieichenhain<\/b>, et fut plus tard transf\u00e9r\u00e9 \u00e0 Offenbach. Cependant, la l\u00e9gende raconte que le fardeau de sa fondation et le destin de sa famille pesaient si lourdement sur elle qu'elle ne trouva pas la paix dans la tombe ; jusqu'au milieu du XIXe si\u00e8cle, on disait qu'elle hantait les murs de ses anciens domaines en tant que \u201cDame Blanche\u201d.\u201d<\/p>\n<\/div>\n<\/div><\/div><\/div><\/div><\/div><\/div><\/section>","protected":false},"excerpt":{"rendered":"<div id=\"model-response-message-contentr_16a3e6c9076d2078\" class=\"markdown markdown-main-panel stronger enable-updated-hr-color\" dir=\"ltr\" aria-live=\"polite\" aria-busy=\"false\">\n<div id=\"model-response-message-contentr_294d20bfeaf5d0df\" class=\"markdown markdown-main-panel stronger enable-updated-hr-color\" dir=\"ltr\" aria-live=\"polite\" aria-busy=\"false\">\n<p data-path-to-node=\"0\">De leur ascension au XIIe si\u00e8cle \u00e0 l'extinction de la lign\u00e9e en 1418, les Falkenstein ont fa\u00e7onn\u00e9 le sud-ouest de l'Allemagne. Puissants \u00c9lecteurs et b\u00e2tisseurs strat\u00e9giques (Falkenstein, Neufalkenstein), ils ont domin\u00e9 la r\u00e9gion Rhin-Mein. Apr\u00e8s de f\u00e9roces querelles avec Francfort, leur h\u00e9ritage est pass\u00e9 aux maisons de Solms et d'Eppstein, tandis que la derni\u00e8re dame Falkenstein est devenue une l\u00e9gende en tant que fant\u00f4me errant.<\/p>\n<\/div>\n<\/div>","protected":false},"featured_media":55584,"template":"","meta":{"_acf_changed":false,"yasr_overall_rating":0,"yasr_post_is_review":"","yasr_auto_insert_disabled":"","yasr_review_type":"","slim_seo":{"title":"Comte de Falkenstein - Achetez des titres de noblesse depuis 1999","description":"De leur ascension au XIIe si\u00e8cle \u00e0 l'extinction de la lign\u00e9e en 1418, les Falkenstein ont fa\u00e7onn\u00e9 le sud-ouest de l'Allemagne. En tant qu'\u00e9lecteurs imp\u00e9riaux puissants et b\u00e2tisseurs strat\u00e9giques"}},"product_brand":[],"product_cat":[26],"product_tag":[36,37,35,34],"class_list":{"0":"post-61487","1":"product","2":"type-product","3":"status-publish","4":"has-post-thumbnail","6":"product_cat-german-noble-titles","7":"product_tag-adelstitel","8":"product_tag-deutsche","9":"product_tag-falkenstein","10":"product_tag-graf","12":"first","13":"instock","14":"taxable","15":"shipping-taxable","16":"purchasable","17":"product-type-variable","18":"has-default-attributes"},"acf":[],"yasr_visitor_votes":{"stars_attributes":{"read_only":false,"span_bottom":false},"number_of_votes":0,"sum_votes":0},"_links":{"self":[{"href":"https:\/\/noble-society.net\/fr\/wp-json\/wp\/v2\/product\/61487","targetHints":{"allow":["GET"]}}],"collection":[{"href":"https:\/\/noble-society.net\/fr\/wp-json\/wp\/v2\/product"}],"about":[{"href":"https:\/\/noble-society.net\/fr\/wp-json\/wp\/v2\/types\/product"}],"wp:featuredmedia":[{"embeddable":true,"href":"https:\/\/noble-society.net\/fr\/wp-json\/wp\/v2\/media\/55584"}],"wp:attachment":[{"href":"https:\/\/noble-society.net\/fr\/wp-json\/wp\/v2\/media?parent=61487"}],"wp:term":[{"taxonomy":"product_brand","embeddable":true,"href":"https:\/\/noble-society.net\/fr\/wp-json\/wp\/v2\/product_brand?post=61487"},{"taxonomy":"product_cat","embeddable":true,"href":"https:\/\/noble-society.net\/fr\/wp-json\/wp\/v2\/product_cat?post=61487"},{"taxonomy":"product_tag","embeddable":true,"href":"https:\/\/noble-society.net\/fr\/wp-json\/wp\/v2\/product_tag?post=61487"}],"curies":[{"name":"wp","href":"https:\/\/api.w.org\/{rel}","templated":true}]}}